{"id":10197,"date":"2020-11-06T19:04:48","date_gmt":"2020-11-06T18:04:48","guid":{"rendered":"http:\/\/rehateam.ewidenz.it\/reha-psicoterapia\/pathologien\/"},"modified":"2021-02-19T23:11:46","modified_gmt":"2021-02-19T22:11:46","slug":"patologie","status":"publish","type":"page","link":"https:\/\/rehateam.cc\/it\/reha-psicoterapia\/patologie\/","title":{"rendered":"Patologie"},"content":{"rendered":"\t\t<div data-elementor-type=\"wp-page\" data-elementor-id=\"10197\" class=\"elementor elementor-10197 elementor-1042\" data-elementor-post-type=\"page\">\n\t\t\t\t\t\t<section class=\"elementor-section elementor-top-section elementor-element elementor-element-9eea04e elementor-section-boxed elementor-section-height-default elementor-section-height-default\" data-id=\"9eea04e\" data-element_type=\"section\" data-settings=\"{&quot;background_background&quot;:&quot;gradient&quot;}\">\n\t\t\t\t\t\t\t<div class=\"elementor-background-overlay\"><\/div>\n\t\t\t\t\t\t\t<div class=\"elementor-container elementor-column-gap-wider\">\n\t\t\t\t\t<div class=\"elementor-column elementor-col-100 elementor-top-column elementor-element elementor-element-c064d9a\" data-id=\"c064d9a\" data-element_type=\"column\">\n\t\t\t<div class=\"elementor-widget-wrap elementor-element-populated\">\n\t\t\t\t\t\t<div class=\"elementor-element elementor-element-59b3dc0 elementor-widget elementor-widget-spacer\" data-id=\"59b3dc0\" data-element_type=\"widget\" data-widget_type=\"spacer.default\">\n\t\t\t\t<div class=\"elementor-widget-container\">\n\t\t\t<style>\/*! elementor - v3.21.0 - 30-04-2024 *\/\n.elementor-column .elementor-spacer-inner{height:var(--spacer-size)}.e-con{--container-widget-width:100%}.e-con-inner>.elementor-widget-spacer,.e-con>.elementor-widget-spacer{width:var(--container-widget-width,var(--spacer-size));--align-self:var(--container-widget-align-self,initial);--flex-shrink:0}.e-con-inner>.elementor-widget-spacer>.elementor-widget-container,.e-con>.elementor-widget-spacer>.elementor-widget-container{height:100%;width:100%}.e-con-inner>.elementor-widget-spacer>.elementor-widget-container>.elementor-spacer,.e-con>.elementor-widget-spacer>.elementor-widget-container>.elementor-spacer{height:100%}.e-con-inner>.elementor-widget-spacer>.elementor-widget-container>.elementor-spacer>.elementor-spacer-inner,.e-con>.elementor-widget-spacer>.elementor-widget-container>.elementor-spacer>.elementor-spacer-inner{height:var(--container-widget-height,var(--spacer-size))}.e-con-inner>.elementor-widget-spacer.elementor-widget-empty,.e-con>.elementor-widget-spacer.elementor-widget-empty{position:relative;min-height:22px;min-width:22px}.e-con-inner>.elementor-widget-spacer.elementor-widget-empty .elementor-widget-empty-icon,.e-con>.elementor-widget-spacer.elementor-widget-empty .elementor-widget-empty-icon{position:absolute;top:0;bottom:0;left:0;right:0;margin:auto;padding:0;width:22px;height:22px}<\/style>\t\t<div class=\"elementor-spacer\">\n\t\t\t<div class=\"elementor-spacer-inner\"><\/div>\n\t\t<\/div>\n\t\t\t\t<\/div>\n\t\t\t\t<\/div>\n\t\t\t\t<section class=\"elementor-section elementor-inner-section elementor-element elementor-element-e87098e elementor-reverse-mobile elementor-section-boxed elementor-section-height-default elementor-section-height-default\" data-id=\"e87098e\" data-element_type=\"section\">\n\t\t\t\t\t\t<div class=\"elementor-container elementor-column-gap-default\">\n\t\t\t\t\t<div class=\"elementor-column elementor-col-50 elementor-inner-column elementor-element elementor-element-350f3d0\" data-id=\"350f3d0\" data-element_type=\"column\">\n\t\t\t<div class=\"elementor-widget-wrap elementor-element-populated\">\n\t\t\t\t\t\t<div class=\"elementor-element elementor-element-e9060a6 elementor-widget elementor-widget-heading\" data-id=\"e9060a6\" data-element_type=\"widget\" data-widget_type=\"heading.default\">\n\t\t\t\t<div class=\"elementor-widget-container\">\n\t\t\t<style>\/*! elementor - v3.21.0 - 30-04-2024 *\/\n.elementor-heading-title{padding:0;margin:0;line-height:1}.elementor-widget-heading .elementor-heading-title[class*=elementor-size-]>a{color:inherit;font-size:inherit;line-height:inherit}.elementor-widget-heading .elementor-heading-title.elementor-size-small{font-size:15px}.elementor-widget-heading .elementor-heading-title.elementor-size-medium{font-size:19px}.elementor-widget-heading .elementor-heading-title.elementor-size-large{font-size:29px}.elementor-widget-heading .elementor-heading-title.elementor-size-xl{font-size:39px}.elementor-widget-heading .elementor-heading-title.elementor-size-xxl{font-size:59px}<\/style><h2 class=\"elementor-heading-title elementor-size-default\">Patologie<\/h2>\t\t<\/div>\n\t\t\t\t<\/div>\n\t\t\t\t<div class=\"elementor-element elementor-element-22466ff elementor-widget elementor-widget-heading\" data-id=\"22466ff\" data-element_type=\"widget\" data-widget_type=\"heading.default\">\n\t\t\t\t<div class=\"elementor-widget-container\">\n\t\t\t<h1 class=\"elementor-heading-title elementor-size-default\">Psicoterapia<\/h1>\t\t<\/div>\n\t\t\t\t<\/div>\n\t\t\t\t\t<\/div>\n\t\t<\/div>\n\t\t\t\t<div class=\"elementor-column elementor-col-50 elementor-inner-column elementor-element elementor-element-7cb7f56\" data-id=\"7cb7f56\" data-element_type=\"column\">\n\t\t\t<div class=\"elementor-widget-wrap elementor-element-populated\">\n\t\t\t\t\t\t<div class=\"elementor-element elementor-element-9a99b58 elementor-widget elementor-widget-image\" data-id=\"9a99b58\" data-element_type=\"widget\" data-widget_type=\"image.default\">\n\t\t\t\t<div class=\"elementor-widget-container\">\n\t\t\t<style>\/*! elementor - v3.21.0 - 30-04-2024 *\/\n.elementor-widget-image{text-align:center}.elementor-widget-image a{display:inline-block}.elementor-widget-image a img[src$=\".svg\"]{width:48px}.elementor-widget-image img{vertical-align:middle;display:inline-block}<\/style>\t\t\t\t\t\t\t\t\t\t<img fetchpriority=\"high\" decoding=\"async\" width=\"400\" height=\"657\" src=\"https:\/\/rehateam.cc\/wp-content\/uploads\/REHAteam-Psychotherapie-Brixen-Suedtirol.png\" class=\"attachment-full size-full wp-image-10032\" alt=\"REHAteam - Psicoterapia- Bressanone, Alto Adige\" \/>\t\t\t\t\t\t\t\t\t\t\t\t\t<\/div>\n\t\t\t\t<\/div>\n\t\t\t\t\t<\/div>\n\t\t<\/div>\n\t\t\t\t\t<\/div>\n\t\t<\/section>\n\t\t\t\t<div class=\"elementor-element elementor-element-124c05e elementor-widget elementor-widget-spacer\" data-id=\"124c05e\" data-element_type=\"widget\" data-widget_type=\"spacer.default\">\n\t\t\t\t<div class=\"elementor-widget-container\">\n\t\t\t\t\t<div class=\"elementor-spacer\">\n\t\t\t<div class=\"elementor-spacer-inner\"><\/div>\n\t\t<\/div>\n\t\t\t\t<\/div>\n\t\t\t\t<\/div>\n\t\t\t\t<section class=\"elementor-section elementor-inner-section elementor-element elementor-element-3fc3016 elementor-section-boxed elementor-section-height-default elementor-section-height-default\" data-id=\"3fc3016\" data-element_type=\"section\">\n\t\t\t\t\t\t<div class=\"elementor-container elementor-column-gap-no\">\n\t\t\t\t\t<div class=\"elementor-column elementor-col-100 elementor-inner-column elementor-element elementor-element-6123a29\" data-id=\"6123a29\" data-element_type=\"column\">\n\t\t\t<div class=\"elementor-widget-wrap elementor-element-populated\">\n\t\t\t\t\t\t<div class=\"elementor-element elementor-element-0c415aa elementor-widget elementor-widget-heading\" data-id=\"0c415aa\" data-element_type=\"widget\" data-widget_type=\"heading.default\">\n\t\t\t\t<div class=\"elementor-widget-container\">\n\t\t\t<h2 class=\"elementor-heading-title elementor-size-default\">Sostegno psicoterapeutico funzionale<\/h2>\t\t<\/div>\n\t\t\t\t<\/div>\n\t\t\t\t<div class=\"elementor-element elementor-element-3b43e0a elementor-widget elementor-widget-text-editor\" data-id=\"3b43e0a\" data-element_type=\"widget\" data-widget_type=\"text-editor.default\">\n\t\t\t\t<div class=\"elementor-widget-container\">\n\t\t\t<style>\/*! elementor - v3.21.0 - 30-04-2024 *\/\n.elementor-widget-text-editor.elementor-drop-cap-view-stacked .elementor-drop-cap{background-color:#69727d;color:#fff}.elementor-widget-text-editor.elementor-drop-cap-view-framed .elementor-drop-cap{color:#69727d;border:3px solid;background-color:transparent}.elementor-widget-text-editor:not(.elementor-drop-cap-view-default) .elementor-drop-cap{margin-top:8px}.elementor-widget-text-editor:not(.elementor-drop-cap-view-default) .elementor-drop-cap-letter{width:1em;height:1em}.elementor-widget-text-editor .elementor-drop-cap{float:left;text-align:center;line-height:1;font-size:50px}.elementor-widget-text-editor .elementor-drop-cap-letter{display:inline-block}<\/style>\t\t\t\tNella terapia si pu\u00f2 ritrovare un&#8217;occasione nella quale il paziente pu\u00f2 finalmente interrompere i suoi corto circuiti. L&#8217;obiettivo della terapia \u00e8 di riaprire le esperienze fondamentali del s\u00e9 per raggiungere degli esiti \u201cnuovi\u201d, differenti da quelli che si erano cristallizzati nella vita del paziente, aumentando la qualit\u00e0 della propria vita e raggiungendo un nuovo benessere.\t\t\t\t\t\t<\/div>\n\t\t\t\t<\/div>\n\t\t\t\t<div class=\"elementor-element elementor-element-22b4042 elementor-widget elementor-widget-heading\" data-id=\"22b4042\" data-element_type=\"widget\" data-widget_type=\"heading.default\">\n\t\t\t\t<div class=\"elementor-widget-container\">\n\t\t\t<h2 class=\"elementor-heading-title elementor-size-default\">Alcuni motivi per cercare un sostegno psicoterapeutico funzionale:<\/h2>\t\t<\/div>\n\t\t\t\t<\/div>\n\t\t\t\t<div class=\"elementor-element elementor-element-285e3e6 elementor-widget elementor-widget-text-editor\" data-id=\"285e3e6\" data-element_type=\"widget\" data-widget_type=\"text-editor.default\">\n\t\t\t\t<div class=\"elementor-widget-container\">\n\t\t\t\t\t\t\t<ul><li>Esaurimento e burnout<\/li><li>Stress<\/li><li>Situazioni pesanti nel lavoro e nella vita<\/li><li>Mancanza di autostima<\/li><li>Eventi traumatici<\/li><li>Crisi<\/li><li>Voglia di conoscersi meglio<\/li><li>Voglia di aumentare il proprio piacere, la gioia e vitalit\u00e0<\/li><\/ul>\t\t\t\t\t\t<\/div>\n\t\t\t\t<\/div>\n\t\t\t\t<div class=\"elementor-element elementor-element-4cfe868 elementor-widget elementor-widget-text-editor\" data-id=\"4cfe868\" data-element_type=\"widget\" data-widget_type=\"text-editor.default\">\n\t\t\t\t<div class=\"elementor-widget-container\">\n\t\t\t\t\t\t\tSintomi corporei come\t\t\t\t\t\t<\/div>\n\t\t\t\t<\/div>\n\t\t\t\t<div class=\"elementor-element elementor-element-0c7a1ed elementor-widget elementor-widget-text-editor\" data-id=\"0c7a1ed\" data-element_type=\"widget\" data-widget_type=\"text-editor.default\">\n\t\t\t\t<div class=\"elementor-widget-container\">\n\t\t\t\t\t\t\t<ul><li>Tensioni croniche<\/li><li>Dolori alla schiena<\/li><li>Respirazione alterata<\/li><li>Asma<\/li><li>Emicrania<\/li><li>Dolori mestruali<\/li><\/ul>\t\t\t\t\t\t<\/div>\n\t\t\t\t<\/div>\n\t\t\t\t\t<\/div>\n\t\t<\/div>\n\t\t\t\t\t<\/div>\n\t\t<\/section>\n\t\t\t\t<div class=\"elementor-element elementor-element-704f96d elementor-widget elementor-widget-spacer\" data-id=\"704f96d\" data-element_type=\"widget\" data-widget_type=\"spacer.default\">\n\t\t\t\t<div class=\"elementor-widget-container\">\n\t\t\t\t\t<div class=\"elementor-spacer\">\n\t\t\t<div class=\"elementor-spacer-inner\"><\/div>\n\t\t<\/div>\n\t\t\t\t<\/div>\n\t\t\t\t<\/div>\n\t\t\t\t\t<\/div>\n\t\t<\/div>\n\t\t\t\t\t<\/div>\n\t\t<\/section>\n\t\t\t\t<section class=\"elementor-section elementor-top-section elementor-element elementor-element-a8dae0a elementor-section-boxed elementor-section-height-default elementor-section-height-default\" data-id=\"a8dae0a\" data-element_type=\"section\" id=\"patologie\" data-settings=\"{&quot;background_background&quot;:&quot;gradient&quot;}\">\n\t\t\t\t\t\t<div class=\"elementor-container elementor-column-gap-wider\">\n\t\t\t\t\t<div class=\"elementor-column elementor-col-100 elementor-top-column elementor-element elementor-element-c901793\" data-id=\"c901793\" data-element_type=\"column\">\n\t\t\t<div class=\"elementor-widget-wrap elementor-element-populated\">\n\t\t\t\t\t\t<div class=\"elementor-element elementor-element-e467ab0 elementor-widget elementor-widget-heading\" data-id=\"e467ab0\" data-element_type=\"widget\" data-widget_type=\"heading.default\">\n\t\t\t\t<div class=\"elementor-widget-container\">\n\t\t\t<h2 class=\"elementor-heading-title elementor-size-default\">Patologie<\/h2>\t\t<\/div>\n\t\t\t\t<\/div>\n\t\t\t\t<div class=\"elementor-element elementor-element-520872f elementor-widget elementor-widget-heading\" data-id=\"520872f\" data-element_type=\"widget\" data-widget_type=\"heading.default\">\n\t\t\t\t<div class=\"elementor-widget-container\">\n\t\t\t<h2 class=\"elementor-heading-title elementor-size-default\">panoramica<\/h2>\t\t<\/div>\n\t\t\t\t<\/div>\n\t\t\t\t<div class=\"elementor-element elementor-element-2a978d3 elementor-widget elementor-widget-spacer\" data-id=\"2a978d3\" data-element_type=\"widget\" data-widget_type=\"spacer.default\">\n\t\t\t\t<div class=\"elementor-widget-container\">\n\t\t\t\t\t<div class=\"elementor-spacer\">\n\t\t\t<div class=\"elementor-spacer-inner\"><\/div>\n\t\t<\/div>\n\t\t\t\t<\/div>\n\t\t\t\t<\/div>\n\t\t\t\t<div class=\"elementor-element elementor-element-f2ae6b1 elementor-widget elementor-widget-jet-listing-grid\" data-id=\"f2ae6b1\" data-element_type=\"widget\" data-settings=\"{&quot;columns&quot;:&quot;3&quot;,&quot;columns_tablet&quot;:&quot;2&quot;,&quot;columns_mobile&quot;:&quot;1&quot;}\" data-widget_type=\"jet-listing-grid.default\">\n\t\t\t\t<div class=\"elementor-widget-container\">\n\t\t\t<div class=\"jet-listing-grid jet-listing\"><div class=\"jet-listing-grid__items grid-col-desk-3 grid-col-tablet-2 grid-col-mobile-1 jet-listing-grid--11079 jet-listing-grid__masonry\" data-masonry-grid-options=\"{&quot;columns&quot;:{&quot;desktop&quot;:3,&quot;tablet&quot;:2,&quot;mobile&quot;:1}}\" data-queried-id=\"10197|WP_Post\" data-nav=\"{&quot;enabled&quot;:false,&quot;type&quot;:null,&quot;more_el&quot;:null,&quot;query&quot;:[],&quot;widget_settings&quot;:{&quot;lisitng_id&quot;:11079,&quot;posts_num&quot;:30,&quot;columns&quot;:3,&quot;columns_tablet&quot;:2,&quot;columns_mobile&quot;:1,&quot;is_archive_template&quot;:&quot;&quot;,&quot;post_status&quot;:[&quot;publish&quot;],&quot;use_random_posts_num&quot;:&quot;&quot;,&quot;max_posts_num&quot;:9,&quot;not_found_message&quot;:&quot;No data was found&quot;,&quot;is_masonry&quot;:true,&quot;equal_columns_height&quot;:&quot;&quot;,&quot;use_load_more&quot;:&quot;&quot;,&quot;load_more_id&quot;:&quot;&quot;,&quot;load_more_type&quot;:&quot;scroll&quot;,&quot;load_more_offset&quot;:{&quot;unit&quot;:&quot;px&quot;,&quot;size&quot;:0,&quot;sizes&quot;:[]},&quot;use_custom_post_types&quot;:&quot;&quot;,&quot;custom_post_types&quot;:[],&quot;hide_widget_if&quot;:&quot;&quot;,&quot;carousel_enabled&quot;:&quot;&quot;,&quot;slides_to_scroll&quot;:&quot;1&quot;,&quot;arrows&quot;:&quot;true&quot;,&quot;arrow_icon&quot;:&quot;fa fa-angle-left&quot;,&quot;dots&quot;:&quot;&quot;,&quot;autoplay&quot;:&quot;true&quot;,&quot;pause_on_hover&quot;:&quot;true&quot;,&quot;autoplay_speed&quot;:5000,&quot;infinite&quot;:&quot;true&quot;,&quot;center_mode&quot;:&quot;&quot;,&quot;effect&quot;:&quot;slide&quot;,&quot;speed&quot;:500,&quot;inject_alternative_items&quot;:&quot;&quot;,&quot;injection_items&quot;:[],&quot;scroll_slider_enabled&quot;:&quot;&quot;,&quot;scroll_slider_on&quot;:[&quot;desktop&quot;,&quot;tablet&quot;,&quot;mobile&quot;],&quot;custom_query&quot;:false,&quot;custom_query_id&quot;:&quot;&quot;,&quot;_element_id&quot;:&quot;&quot;}}\" data-page=\"1\" data-pages=\"1\" data-listing-source=\"posts\" data-listing-id=\"11079\" data-query-id=\"\"><div class=\"jet-listing-grid__item jet-listing-dynamic-post-11466\" data-post-id=\"11466\" >\t\t<div data-elementor-type=\"jet-listing-items\" data-elementor-id=\"11079\" class=\"elementor elementor-11079 elementor-7458\" data-elementor-post-type=\"jet-engine\">\n\t\t\t\t\t\t<section class=\"elementor-section elementor-top-section elementor-element elementor-element-26568d3 elementor-section-boxed elementor-section-height-default elementor-section-height-default\" data-id=\"26568d3\" data-element_type=\"section\">\n\t\t\t\t\t\t<div class=\"elementor-container elementor-column-gap-no\">\n\t\t\t\t\t<div class=\"elementor-column elementor-col-100 elementor-top-column elementor-element elementor-element-24a29ab\" data-id=\"24a29ab\" data-element_type=\"column\">\n\t\t\t<div class=\"elementor-widget-wrap elementor-element-populated\">\n\t\t\t\t\t\t<div class=\"elementor-element elementor-element-8c9f0f1 elementor-widget elementor-widget-jet-listing-dynamic-image\" data-id=\"8c9f0f1\" data-element_type=\"widget\" data-widget_type=\"jet-listing-dynamic-image.default\">\n\t\t\t\t<div class=\"elementor-widget-container\">\n\t\t\t<div class=\"jet-listing jet-listing-dynamic-image\"><a href=\"https:\/\/rehateam.cc\/it\/patologia\/psicoterapia-funzionale\/\" class=\"jet-listing-dynamic-image__link\"><img decoding=\"async\" width=\"690\" height=\"460\" src=\"https:\/\/rehateam.cc\/wp-content\/uploads\/REHAteam-Funktionelle-Koerperzentrierte-Psychotherapie-Psychotherapie-Brixen-Suedtirol.jpg\" class=\"jet-listing-dynamic-image__img attachment-full size-full\" alt=\"REHAteam - Psicoterapia funzionale - Psicoterapia - Bressanone, Alto Adige\" loading=\"eager\" \/><\/a><\/div>\t\t<\/div>\n\t\t\t\t<\/div>\n\t\t\t\t\t<\/div>\n\t\t<\/div>\n\t\t\t\t\t<\/div>\n\t\t<\/section>\n\t\t\t\t<section class=\"elementor-section elementor-top-section elementor-element elementor-element-ba3ab09 elementor-section-boxed elementor-section-height-default elementor-section-height-default\" data-id=\"ba3ab09\" data-element_type=\"section\" data-settings=\"{&quot;background_background&quot;:&quot;classic&quot;}\">\n\t\t\t\t\t\t<div class=\"elementor-container elementor-column-gap-wider\">\n\t\t\t\t\t<div class=\"elementor-column elementor-col-100 elementor-top-column elementor-element elementor-element-2c0dedd\" data-id=\"2c0dedd\" data-element_type=\"column\">\n\t\t\t<div class=\"elementor-widget-wrap elementor-element-populated\">\n\t\t\t\t\t\t<div class=\"elementor-element elementor-element-f1f02d8 elementor-widget elementor-widget-jet-listing-dynamic-field\" data-id=\"f1f02d8\" data-element_type=\"widget\" data-widget_type=\"jet-listing-dynamic-field.default\">\n\t\t\t\t<div class=\"elementor-widget-container\">\n\t\t\t<div class=\"jet-listing jet-listing-dynamic-field display-inline\"><div class=\"jet-listing-dynamic-field__inline-wrap\"><div class=\"jet-listing-dynamic-field__content\">Psicoterapia funzionale<\/div><\/div><\/div>\t\t<\/div>\n\t\t\t\t<\/div>\n\t\t\t\t<div class=\"elementor-element elementor-element-dbc770e elementor-widget elementor-widget-spacer\" data-id=\"dbc770e\" data-element_type=\"widget\" data-widget_type=\"spacer.default\">\n\t\t\t\t<div class=\"elementor-widget-container\">\n\t\t\t\t\t<div class=\"elementor-spacer\">\n\t\t\t<div class=\"elementor-spacer-inner\"><\/div>\n\t\t<\/div>\n\t\t\t\t<\/div>\n\t\t\t\t<\/div>\n\t\t\t\t<div class=\"elementor-element elementor-element-1ef5afd elementor-hidden-phone elementor-widget elementor-widget-jet-listing-dynamic-field\" data-id=\"1ef5afd\" data-element_type=\"widget\" data-widget_type=\"jet-listing-dynamic-field.default\">\n\t\t\t\t<div class=\"elementor-widget-container\">\n\t\t\t<div class=\"jet-listing jet-listing-dynamic-field display-inline\"><div class=\"jet-listing-dynamic-field__inline-wrap\"><div class=\"jet-listing-dynamic-field__content\"><p>Il nostro vissuto, tutte le esperienze della nostra vita, sono memorizzate nel nostro corpo, sui vari piani del nostro Organismo. Le esperienze dei primi anni di vita determinano l'organizzazione del nostro s\u00e9.<\/p>\n<\/div><\/div><\/div>\t\t<\/div>\n\t\t\t\t<\/div>\n\t\t\t\t<div class=\"elementor-element elementor-element-9d4fa4b elementor-widget elementor-widget-jet-listing-dynamic-link\" data-id=\"9d4fa4b\" data-element_type=\"widget\" data-widget_type=\"jet-listing-dynamic-link.default\">\n\t\t\t\t<div class=\"elementor-widget-container\">\n\t\t\t<div class=\"jet-listing jet-listing-dynamic-link\"><a href=\"https:\/\/rehateam.cc\/it\/patologia\/psicoterapia-funzionale\/\" class=\"jet-listing-dynamic-link__link\"><span class=\"jet-listing-dynamic-link__label\">maggiori informazioni<\/span><\/a><\/div>\t\t<\/div>\n\t\t\t\t<\/div>\n\t\t\t\t\t<\/div>\n\t\t<\/div>\n\t\t\t\t\t<\/div>\n\t\t<\/section>\n\t\t\t\t<\/div>\n\t\t<\/div><div class=\"jet-listing-grid__item jet-listing-dynamic-post-11468\" data-post-id=\"11468\" >\t\t<div data-elementor-type=\"jet-listing-items\" data-elementor-id=\"11079\" class=\"elementor elementor-11079 elementor-7458\" data-elementor-post-type=\"jet-engine\">\n\t\t\t\t\t\t<section class=\"elementor-section elementor-top-section elementor-element elementor-element-26568d3 elementor-section-boxed elementor-section-height-default elementor-section-height-default\" data-id=\"26568d3\" data-element_type=\"section\">\n\t\t\t\t\t\t<div class=\"elementor-container elementor-column-gap-no\">\n\t\t\t\t\t<div class=\"elementor-column elementor-col-100 elementor-top-column elementor-element elementor-element-24a29ab\" data-id=\"24a29ab\" data-element_type=\"column\">\n\t\t\t<div class=\"elementor-widget-wrap elementor-element-populated\">\n\t\t\t\t\t\t<div class=\"elementor-element elementor-element-8c9f0f1 elementor-widget elementor-widget-jet-listing-dynamic-image\" data-id=\"8c9f0f1\" data-element_type=\"widget\" data-widget_type=\"jet-listing-dynamic-image.default\">\n\t\t\t\t<div class=\"elementor-widget-container\">\n\t\t\t<div class=\"jet-listing jet-listing-dynamic-image\"><a href=\"https:\/\/rehateam.cc\/it\/patologia\/management-dello-stress\/\" class=\"jet-listing-dynamic-image__link\"><img decoding=\"async\" width=\"690\" height=\"460\" src=\"https:\/\/rehateam.cc\/wp-content\/uploads\/REHAteam-Stressmanagement-Psychotherapie-Brixen-Suedtirol.jpg\" class=\"jet-listing-dynamic-image__img attachment-full size-full\" alt=\"REHAteam - Management dello stress - Psicoterapia - Bressanone, Alto Adige\" loading=\"eager\" \/><\/a><\/div>\t\t<\/div>\n\t\t\t\t<\/div>\n\t\t\t\t\t<\/div>\n\t\t<\/div>\n\t\t\t\t\t<\/div>\n\t\t<\/section>\n\t\t\t\t<section class=\"elementor-section elementor-top-section elementor-element elementor-element-ba3ab09 elementor-section-boxed elementor-section-height-default elementor-section-height-default\" data-id=\"ba3ab09\" data-element_type=\"section\" data-settings=\"{&quot;background_background&quot;:&quot;classic&quot;}\">\n\t\t\t\t\t\t<div class=\"elementor-container elementor-column-gap-wider\">\n\t\t\t\t\t<div class=\"elementor-column elementor-col-100 elementor-top-column elementor-element elementor-element-2c0dedd\" data-id=\"2c0dedd\" data-element_type=\"column\">\n\t\t\t<div class=\"elementor-widget-wrap elementor-element-populated\">\n\t\t\t\t\t\t<div class=\"elementor-element elementor-element-f1f02d8 elementor-widget elementor-widget-jet-listing-dynamic-field\" data-id=\"f1f02d8\" data-element_type=\"widget\" data-widget_type=\"jet-listing-dynamic-field.default\">\n\t\t\t\t<div class=\"elementor-widget-container\">\n\t\t\t<div class=\"jet-listing jet-listing-dynamic-field display-inline\"><div class=\"jet-listing-dynamic-field__inline-wrap\"><div class=\"jet-listing-dynamic-field__content\">Management dello stress<\/div><\/div><\/div>\t\t<\/div>\n\t\t\t\t<\/div>\n\t\t\t\t<div class=\"elementor-element elementor-element-dbc770e elementor-widget elementor-widget-spacer\" data-id=\"dbc770e\" data-element_type=\"widget\" data-widget_type=\"spacer.default\">\n\t\t\t\t<div class=\"elementor-widget-container\">\n\t\t\t\t\t<div class=\"elementor-spacer\">\n\t\t\t<div class=\"elementor-spacer-inner\"><\/div>\n\t\t<\/div>\n\t\t\t\t<\/div>\n\t\t\t\t<\/div>\n\t\t\t\t<div class=\"elementor-element elementor-element-1ef5afd elementor-hidden-phone elementor-widget elementor-widget-jet-listing-dynamic-field\" data-id=\"1ef5afd\" data-element_type=\"widget\" data-widget_type=\"jet-listing-dynamic-field.default\">\n\t\t\t\t<div class=\"elementor-widget-container\">\n\t\t\t<div class=\"jet-listing jet-listing-dynamic-field display-inline\"><div class=\"jet-listing-dynamic-field__inline-wrap\"><div class=\"jet-listing-dynamic-field__content\"><p>Grazie al nostro sistema ormonale siamo capaci, per un lasso di tempo, di agire oltre i propri limiti e le proprie forze. Se dopo una fase di acuto sforzo segue una di recupero e di benessere, l'organismo riesce a gestire le fasi di tensione.<\/p>\n<\/div><\/div><\/div>\t\t<\/div>\n\t\t\t\t<\/div>\n\t\t\t\t<div class=\"elementor-element elementor-element-9d4fa4b elementor-widget elementor-widget-jet-listing-dynamic-link\" data-id=\"9d4fa4b\" data-element_type=\"widget\" data-widget_type=\"jet-listing-dynamic-link.default\">\n\t\t\t\t<div class=\"elementor-widget-container\">\n\t\t\t<div class=\"jet-listing jet-listing-dynamic-link\"><a href=\"https:\/\/rehateam.cc\/it\/patologia\/management-dello-stress\/\" class=\"jet-listing-dynamic-link__link\"><span class=\"jet-listing-dynamic-link__label\">maggiori informazioni<\/span><\/a><\/div>\t\t<\/div>\n\t\t\t\t<\/div>\n\t\t\t\t\t<\/div>\n\t\t<\/div>\n\t\t\t\t\t<\/div>\n\t\t<\/section>\n\t\t\t\t<\/div>\n\t\t<\/div><div class=\"jet-listing-grid__item jet-listing-dynamic-post-11471\" data-post-id=\"11471\" >\t\t<div data-elementor-type=\"jet-listing-items\" data-elementor-id=\"11079\" class=\"elementor elementor-11079 elementor-7458\" data-elementor-post-type=\"jet-engine\">\n\t\t\t\t\t\t<section class=\"elementor-section elementor-top-section elementor-element elementor-element-26568d3 elementor-section-boxed elementor-section-height-default elementor-section-height-default\" data-id=\"26568d3\" data-element_type=\"section\">\n\t\t\t\t\t\t<div class=\"elementor-container elementor-column-gap-no\">\n\t\t\t\t\t<div class=\"elementor-column elementor-col-100 elementor-top-column elementor-element elementor-element-24a29ab\" data-id=\"24a29ab\" data-element_type=\"column\">\n\t\t\t<div class=\"elementor-widget-wrap elementor-element-populated\">\n\t\t\t\t\t\t<div class=\"elementor-element elementor-element-8c9f0f1 elementor-widget elementor-widget-jet-listing-dynamic-image\" data-id=\"8c9f0f1\" data-element_type=\"widget\" data-widget_type=\"jet-listing-dynamic-image.default\">\n\t\t\t\t<div class=\"elementor-widget-container\">\n\t\t\t<div class=\"jet-listing jet-listing-dynamic-image\"><a href=\"https:\/\/rehateam.cc\/it\/patologia\/tecniche-di-rilassamento-funzionali\/\" class=\"jet-listing-dynamic-image__link\"><img decoding=\"async\" width=\"690\" height=\"460\" src=\"https:\/\/rehateam.cc\/wp-content\/uploads\/REHAteam-Entspannungstechniken-Psychotherapie-Brixen-Suedtirol.jpg\" class=\"jet-listing-dynamic-image__img attachment-full size-full\" alt=\"REHAteam - Tecniche di rilassamento funzionali - Psicoterapia - Bressanone, Alto Adige\" loading=\"eager\" \/><\/a><\/div>\t\t<\/div>\n\t\t\t\t<\/div>\n\t\t\t\t\t<\/div>\n\t\t<\/div>\n\t\t\t\t\t<\/div>\n\t\t<\/section>\n\t\t\t\t<section class=\"elementor-section elementor-top-section elementor-element elementor-element-ba3ab09 elementor-section-boxed elementor-section-height-default elementor-section-height-default\" data-id=\"ba3ab09\" data-element_type=\"section\" data-settings=\"{&quot;background_background&quot;:&quot;classic&quot;}\">\n\t\t\t\t\t\t<div class=\"elementor-container elementor-column-gap-wider\">\n\t\t\t\t\t<div class=\"elementor-column elementor-col-100 elementor-top-column elementor-element elementor-element-2c0dedd\" data-id=\"2c0dedd\" data-element_type=\"column\">\n\t\t\t<div class=\"elementor-widget-wrap elementor-element-populated\">\n\t\t\t\t\t\t<div class=\"elementor-element elementor-element-f1f02d8 elementor-widget elementor-widget-jet-listing-dynamic-field\" data-id=\"f1f02d8\" data-element_type=\"widget\" data-widget_type=\"jet-listing-dynamic-field.default\">\n\t\t\t\t<div class=\"elementor-widget-container\">\n\t\t\t<div class=\"jet-listing jet-listing-dynamic-field display-inline\"><div class=\"jet-listing-dynamic-field__inline-wrap\"><div class=\"jet-listing-dynamic-field__content\">Tecniche di rilassamento funzionali<\/div><\/div><\/div>\t\t<\/div>\n\t\t\t\t<\/div>\n\t\t\t\t<div class=\"elementor-element elementor-element-dbc770e elementor-widget elementor-widget-spacer\" data-id=\"dbc770e\" data-element_type=\"widget\" data-widget_type=\"spacer.default\">\n\t\t\t\t<div class=\"elementor-widget-container\">\n\t\t\t\t\t<div class=\"elementor-spacer\">\n\t\t\t<div class=\"elementor-spacer-inner\"><\/div>\n\t\t<\/div>\n\t\t\t\t<\/div>\n\t\t\t\t<\/div>\n\t\t\t\t<div class=\"elementor-element elementor-element-1ef5afd elementor-hidden-phone elementor-widget elementor-widget-jet-listing-dynamic-field\" data-id=\"1ef5afd\" data-element_type=\"widget\" data-widget_type=\"jet-listing-dynamic-field.default\">\n\t\t\t\t<div class=\"elementor-widget-container\">\n\t\t\t<div class=\"jet-listing jet-listing-dynamic-field display-inline\"><div class=\"jet-listing-dynamic-field__inline-wrap\"><div class=\"jet-listing-dynamic-field__content\"><p>Il nostro corpo necessita regolarmente di momenti di calma e di relax. Il rilassamento ha una notevole importanza perch\u00e9 ci aiuta a ritemprare mente e corpo.<\/p>\n<\/div><\/div><\/div>\t\t<\/div>\n\t\t\t\t<\/div>\n\t\t\t\t<div class=\"elementor-element elementor-element-9d4fa4b elementor-widget elementor-widget-jet-listing-dynamic-link\" data-id=\"9d4fa4b\" data-element_type=\"widget\" data-widget_type=\"jet-listing-dynamic-link.default\">\n\t\t\t\t<div class=\"elementor-widget-container\">\n\t\t\t<div class=\"jet-listing jet-listing-dynamic-link\"><a href=\"https:\/\/rehateam.cc\/it\/patologia\/tecniche-di-rilassamento-funzionali\/\" class=\"jet-listing-dynamic-link__link\"><span class=\"jet-listing-dynamic-link__label\">maggiori informazioni<\/span><\/a><\/div>\t\t<\/div>\n\t\t\t\t<\/div>\n\t\t\t\t\t<\/div>\n\t\t<\/div>\n\t\t\t\t\t<\/div>\n\t\t<\/section>\n\t\t\t\t<\/div>\n\t\t<\/div><div class=\"jet-listing-grid__item jet-listing-dynamic-post-11473\" data-post-id=\"11473\" >\t\t<div data-elementor-type=\"jet-listing-items\" data-elementor-id=\"11079\" class=\"elementor elementor-11079 elementor-7458\" data-elementor-post-type=\"jet-engine\">\n\t\t\t\t\t\t<section class=\"elementor-section elementor-top-section elementor-element elementor-element-26568d3 elementor-section-boxed elementor-section-height-default elementor-section-height-default\" data-id=\"26568d3\" data-element_type=\"section\">\n\t\t\t\t\t\t<div class=\"elementor-container elementor-column-gap-no\">\n\t\t\t\t\t<div class=\"elementor-column elementor-col-100 elementor-top-column elementor-element elementor-element-24a29ab\" data-id=\"24a29ab\" data-element_type=\"column\">\n\t\t\t<div class=\"elementor-widget-wrap elementor-element-populated\">\n\t\t\t\t\t\t<div class=\"elementor-element elementor-element-8c9f0f1 elementor-widget elementor-widget-jet-listing-dynamic-image\" data-id=\"8c9f0f1\" data-element_type=\"widget\" data-widget_type=\"jet-listing-dynamic-image.default\">\n\t\t\t\t<div class=\"elementor-widget-container\">\n\t\t\t<div class=\"jet-listing jet-listing-dynamic-image\"><a href=\"https:\/\/rehateam.cc\/it\/patologia\/disturbi-malattie-psicosomatiche\/\" class=\"jet-listing-dynamic-image__link\"><img decoding=\"async\" width=\"690\" height=\"690\" src=\"https:\/\/rehateam.cc\/wp-content\/uploads\/REHAteam-Psychosomatische-Stoerungen-koerperliche-Symptome-Psychotherapie-Brixen-Suedtirol.jpg\" class=\"jet-listing-dynamic-image__img attachment-full size-full\" alt=\"REHAteam - Disturbi \/ malattie psicosomatiche - Psicoterapia - Bressanone, Alto Adige\" srcset=\"https:\/\/rehateam.cc\/wp-content\/uploads\/REHAteam-Psychosomatische-Stoerungen-koerperliche-Symptome-Psychotherapie-Brixen-Suedtirol.jpg 690w, https:\/\/rehateam.cc\/wp-content\/uploads\/REHAteam-Psychosomatische-Stoerungen-koerperliche-Symptome-Psychotherapie-Brixen-Suedtirol-150x150.jpg 150w\" sizes=\"(max-width: 690px) 100vw, 690px\" loading=\"eager\" \/><\/a><\/div>\t\t<\/div>\n\t\t\t\t<\/div>\n\t\t\t\t\t<\/div>\n\t\t<\/div>\n\t\t\t\t\t<\/div>\n\t\t<\/section>\n\t\t\t\t<section class=\"elementor-section elementor-top-section elementor-element elementor-element-ba3ab09 elementor-section-boxed elementor-section-height-default elementor-section-height-default\" data-id=\"ba3ab09\" data-element_type=\"section\" data-settings=\"{&quot;background_background&quot;:&quot;classic&quot;}\">\n\t\t\t\t\t\t<div class=\"elementor-container elementor-column-gap-wider\">\n\t\t\t\t\t<div class=\"elementor-column elementor-col-100 elementor-top-column elementor-element elementor-element-2c0dedd\" data-id=\"2c0dedd\" data-element_type=\"column\">\n\t\t\t<div class=\"elementor-widget-wrap elementor-element-populated\">\n\t\t\t\t\t\t<div class=\"elementor-element elementor-element-f1f02d8 elementor-widget elementor-widget-jet-listing-dynamic-field\" data-id=\"f1f02d8\" data-element_type=\"widget\" data-widget_type=\"jet-listing-dynamic-field.default\">\n\t\t\t\t<div class=\"elementor-widget-container\">\n\t\t\t<div class=\"jet-listing jet-listing-dynamic-field display-inline\"><div class=\"jet-listing-dynamic-field__inline-wrap\"><div class=\"jet-listing-dynamic-field__content\">Disturbi \/ malattie psicosomatiche<\/div><\/div><\/div>\t\t<\/div>\n\t\t\t\t<\/div>\n\t\t\t\t<div class=\"elementor-element elementor-element-dbc770e elementor-widget elementor-widget-spacer\" data-id=\"dbc770e\" data-element_type=\"widget\" data-widget_type=\"spacer.default\">\n\t\t\t\t<div class=\"elementor-widget-container\">\n\t\t\t\t\t<div class=\"elementor-spacer\">\n\t\t\t<div class=\"elementor-spacer-inner\"><\/div>\n\t\t<\/div>\n\t\t\t\t<\/div>\n\t\t\t\t<\/div>\n\t\t\t\t<div class=\"elementor-element elementor-element-1ef5afd elementor-hidden-phone elementor-widget elementor-widget-jet-listing-dynamic-field\" data-id=\"1ef5afd\" data-element_type=\"widget\" data-widget_type=\"jet-listing-dynamic-field.default\">\n\t\t\t\t<div class=\"elementor-widget-container\">\n\t\t\t<div class=\"jet-listing jet-listing-dynamic-field display-inline\"><div class=\"jet-listing-dynamic-field__inline-wrap\"><div class=\"jet-listing-dynamic-field__content\"><p>Un disagio psichico spesso si manifesta in sintomi somatici. Se per un periodo (anche abbastanza lungo) persistono sintomi organici la cui origine non \u00e8 spiegabile dal punto di vista medico nonostante siano stati svolti tutti gli accertamenti clinici...<\/p>\n<\/div><\/div><\/div>\t\t<\/div>\n\t\t\t\t<\/div>\n\t\t\t\t<div class=\"elementor-element elementor-element-9d4fa4b elementor-widget elementor-widget-jet-listing-dynamic-link\" data-id=\"9d4fa4b\" data-element_type=\"widget\" data-widget_type=\"jet-listing-dynamic-link.default\">\n\t\t\t\t<div class=\"elementor-widget-container\">\n\t\t\t<div class=\"jet-listing jet-listing-dynamic-link\"><a href=\"https:\/\/rehateam.cc\/it\/patologia\/disturbi-malattie-psicosomatiche\/\" class=\"jet-listing-dynamic-link__link\"><span class=\"jet-listing-dynamic-link__label\">maggiori informazioni<\/span><\/a><\/div>\t\t<\/div>\n\t\t\t\t<\/div>\n\t\t\t\t\t<\/div>\n\t\t<\/div>\n\t\t\t\t\t<\/div>\n\t\t<\/section>\n\t\t\t\t<\/div>\n\t\t<\/div><div class=\"jet-listing-grid__item jet-listing-dynamic-post-11476\" data-post-id=\"11476\" >\t\t<div data-elementor-type=\"jet-listing-items\" data-elementor-id=\"11079\" class=\"elementor elementor-11079 elementor-7458\" data-elementor-post-type=\"jet-engine\">\n\t\t\t\t\t\t<section class=\"elementor-section elementor-top-section elementor-element elementor-element-26568d3 elementor-section-boxed elementor-section-height-default elementor-section-height-default\" data-id=\"26568d3\" data-element_type=\"section\">\n\t\t\t\t\t\t<div class=\"elementor-container elementor-column-gap-no\">\n\t\t\t\t\t<div class=\"elementor-column elementor-col-100 elementor-top-column elementor-element elementor-element-24a29ab\" data-id=\"24a29ab\" data-element_type=\"column\">\n\t\t\t<div class=\"elementor-widget-wrap elementor-element-populated\">\n\t\t\t\t\t\t<div class=\"elementor-element elementor-element-8c9f0f1 elementor-widget elementor-widget-jet-listing-dynamic-image\" data-id=\"8c9f0f1\" data-element_type=\"widget\" data-widget_type=\"jet-listing-dynamic-image.default\">\n\t\t\t\t<div class=\"elementor-widget-container\">\n\t\t\t<div class=\"jet-listing jet-listing-dynamic-image\"><a href=\"https:\/\/rehateam.cc\/it\/patologia\/interventi-psicoterapeutici-in-caso-di-dolori-cronici\/\" class=\"jet-listing-dynamic-image__link\"><img decoding=\"async\" width=\"690\" height=\"460\" src=\"https:\/\/rehateam.cc\/wp-content\/uploads\/REHAteam-Interventionen-bei-chronischen-Schmerzen-Psychotherapie-Brixen-Suedtirol.jpg\" class=\"jet-listing-dynamic-image__img attachment-full size-full\" alt=\"REHAteam - Interventi psicoterapeutici in caso di dolori cronici - Psicoterapia - Bressanone, Alto Adige\" loading=\"eager\" \/><\/a><\/div>\t\t<\/div>\n\t\t\t\t<\/div>\n\t\t\t\t\t<\/div>\n\t\t<\/div>\n\t\t\t\t\t<\/div>\n\t\t<\/section>\n\t\t\t\t<section class=\"elementor-section elementor-top-section elementor-element elementor-element-ba3ab09 elementor-section-boxed elementor-section-height-default elementor-section-height-default\" data-id=\"ba3ab09\" data-element_type=\"section\" data-settings=\"{&quot;background_background&quot;:&quot;classic&quot;}\">\n\t\t\t\t\t\t<div class=\"elementor-container elementor-column-gap-wider\">\n\t\t\t\t\t<div class=\"elementor-column elementor-col-100 elementor-top-column elementor-element elementor-element-2c0dedd\" data-id=\"2c0dedd\" data-element_type=\"column\">\n\t\t\t<div class=\"elementor-widget-wrap elementor-element-populated\">\n\t\t\t\t\t\t<div class=\"elementor-element elementor-element-f1f02d8 elementor-widget elementor-widget-jet-listing-dynamic-field\" data-id=\"f1f02d8\" data-element_type=\"widget\" data-widget_type=\"jet-listing-dynamic-field.default\">\n\t\t\t\t<div class=\"elementor-widget-container\">\n\t\t\t<div class=\"jet-listing jet-listing-dynamic-field display-inline\"><div class=\"jet-listing-dynamic-field__inline-wrap\"><div class=\"jet-listing-dynamic-field__content\">Interventi psicoterapeutici in caso di dolori cronici<\/div><\/div><\/div>\t\t<\/div>\n\t\t\t\t<\/div>\n\t\t\t\t<div class=\"elementor-element elementor-element-dbc770e elementor-widget elementor-widget-spacer\" data-id=\"dbc770e\" data-element_type=\"widget\" data-widget_type=\"spacer.default\">\n\t\t\t\t<div class=\"elementor-widget-container\">\n\t\t\t\t\t<div class=\"elementor-spacer\">\n\t\t\t<div class=\"elementor-spacer-inner\"><\/div>\n\t\t<\/div>\n\t\t\t\t<\/div>\n\t\t\t\t<\/div>\n\t\t\t\t<div class=\"elementor-element elementor-element-1ef5afd elementor-hidden-phone elementor-widget elementor-widget-jet-listing-dynamic-field\" data-id=\"1ef5afd\" data-element_type=\"widget\" data-widget_type=\"jet-listing-dynamic-field.default\">\n\t\t\t\t<div class=\"elementor-widget-container\">\n\t\t\t<div class=\"jet-listing jet-listing-dynamic-field display-inline\"><div class=\"jet-listing-dynamic-field__inline-wrap\"><div class=\"jet-listing-dynamic-field__content\"><p>L'obiettivo degli interventi funzionali comporta un cambiamento nell'intensit\u00e0 del dolore percepito e porta a una maggiore sopportabilit\u00e0 del dolore nella vita...<\/p>\n<\/div><\/div><\/div>\t\t<\/div>\n\t\t\t\t<\/div>\n\t\t\t\t<div class=\"elementor-element elementor-element-9d4fa4b elementor-widget elementor-widget-jet-listing-dynamic-link\" data-id=\"9d4fa4b\" data-element_type=\"widget\" data-widget_type=\"jet-listing-dynamic-link.default\">\n\t\t\t\t<div class=\"elementor-widget-container\">\n\t\t\t<div class=\"jet-listing jet-listing-dynamic-link\"><a href=\"https:\/\/rehateam.cc\/it\/patologia\/interventi-psicoterapeutici-in-caso-di-dolori-cronici\/\" class=\"jet-listing-dynamic-link__link\"><span class=\"jet-listing-dynamic-link__label\">maggiori informazioni<\/span><\/a><\/div>\t\t<\/div>\n\t\t\t\t<\/div>\n\t\t\t\t\t<\/div>\n\t\t<\/div>\n\t\t\t\t\t<\/div>\n\t\t<\/section>\n\t\t\t\t<\/div>\n\t\t<\/div><div class=\"jet-listing-grid__item jet-listing-dynamic-post-11478\" data-post-id=\"11478\" >\t\t<div data-elementor-type=\"jet-listing-items\" data-elementor-id=\"11079\" class=\"elementor elementor-11079 elementor-7458\" data-elementor-post-type=\"jet-engine\">\n\t\t\t\t\t\t<section class=\"elementor-section elementor-top-section elementor-element elementor-element-26568d3 elementor-section-boxed elementor-section-height-default elementor-section-height-default\" data-id=\"26568d3\" data-element_type=\"section\">\n\t\t\t\t\t\t<div class=\"elementor-container elementor-column-gap-no\">\n\t\t\t\t\t<div class=\"elementor-column elementor-col-100 elementor-top-column elementor-element elementor-element-24a29ab\" data-id=\"24a29ab\" data-element_type=\"column\">\n\t\t\t<div class=\"elementor-widget-wrap elementor-element-populated\">\n\t\t\t\t\t\t<div class=\"elementor-element elementor-element-8c9f0f1 elementor-widget elementor-widget-jet-listing-dynamic-image\" data-id=\"8c9f0f1\" data-element_type=\"widget\" data-widget_type=\"jet-listing-dynamic-image.default\">\n\t\t\t\t<div class=\"elementor-widget-container\">\n\t\t\t<div class=\"jet-listing jet-listing-dynamic-image\"><a href=\"https:\/\/rehateam.cc\/it\/patologia\/genitorialita-e-famiglia\/\" class=\"jet-listing-dynamic-image__link\"><img decoding=\"async\" width=\"690\" height=\"460\" src=\"https:\/\/rehateam.cc\/wp-content\/uploads\/REHAteam-Eltern-und-Familie-Psychotherapie-Brixen-Suedtirol.jpg\" class=\"jet-listing-dynamic-image__img attachment-full size-full\" alt=\"REHAteam - Genitorialit\u00e0 e famiglia - Psicoterapia - Bressanone, Alto Adige\" loading=\"eager\" \/><\/a><\/div>\t\t<\/div>\n\t\t\t\t<\/div>\n\t\t\t\t\t<\/div>\n\t\t<\/div>\n\t\t\t\t\t<\/div>\n\t\t<\/section>\n\t\t\t\t<section class=\"elementor-section elementor-top-section elementor-element elementor-element-ba3ab09 elementor-section-boxed elementor-section-height-default elementor-section-height-default\" data-id=\"ba3ab09\" data-element_type=\"section\" data-settings=\"{&quot;background_background&quot;:&quot;classic&quot;}\">\n\t\t\t\t\t\t<div class=\"elementor-container elementor-column-gap-wider\">\n\t\t\t\t\t<div class=\"elementor-column elementor-col-100 elementor-top-column elementor-element elementor-element-2c0dedd\" data-id=\"2c0dedd\" data-element_type=\"column\">\n\t\t\t<div class=\"elementor-widget-wrap elementor-element-populated\">\n\t\t\t\t\t\t<div class=\"elementor-element elementor-element-f1f02d8 elementor-widget elementor-widget-jet-listing-dynamic-field\" data-id=\"f1f02d8\" data-element_type=\"widget\" data-widget_type=\"jet-listing-dynamic-field.default\">\n\t\t\t\t<div class=\"elementor-widget-container\">\n\t\t\t<div class=\"jet-listing jet-listing-dynamic-field display-inline\"><div class=\"jet-listing-dynamic-field__inline-wrap\"><div class=\"jet-listing-dynamic-field__content\">Genitorialit\u00e0 e famiglia<\/div><\/div><\/div>\t\t<\/div>\n\t\t\t\t<\/div>\n\t\t\t\t<div class=\"elementor-element elementor-element-dbc770e elementor-widget elementor-widget-spacer\" data-id=\"dbc770e\" data-element_type=\"widget\" data-widget_type=\"spacer.default\">\n\t\t\t\t<div class=\"elementor-widget-container\">\n\t\t\t\t\t<div class=\"elementor-spacer\">\n\t\t\t<div class=\"elementor-spacer-inner\"><\/div>\n\t\t<\/div>\n\t\t\t\t<\/div>\n\t\t\t\t<\/div>\n\t\t\t\t<div class=\"elementor-element elementor-element-1ef5afd elementor-hidden-phone elementor-widget elementor-widget-jet-listing-dynamic-field\" data-id=\"1ef5afd\" data-element_type=\"widget\" data-widget_type=\"jet-listing-dynamic-field.default\">\n\t\t\t\t<div class=\"elementor-widget-container\">\n\t\t\t<div class=\"jet-listing jet-listing-dynamic-field display-inline\"><div class=\"jet-listing-dynamic-field__inline-wrap\"><div class=\"jet-listing-dynamic-field__content\"><p>Accompagnamento emotivo in un periodo molto importante: diventare ed essere genitori.<\/p>\n<\/div><\/div><\/div>\t\t<\/div>\n\t\t\t\t<\/div>\n\t\t\t\t<div class=\"elementor-element elementor-element-9d4fa4b elementor-widget elementor-widget-jet-listing-dynamic-link\" data-id=\"9d4fa4b\" data-element_type=\"widget\" data-widget_type=\"jet-listing-dynamic-link.default\">\n\t\t\t\t<div class=\"elementor-widget-container\">\n\t\t\t<div class=\"jet-listing jet-listing-dynamic-link\"><a href=\"https:\/\/rehateam.cc\/it\/patologia\/genitorialita-e-famiglia\/\" class=\"jet-listing-dynamic-link__link\"><span class=\"jet-listing-dynamic-link__label\">maggiori informazioni<\/span><\/a><\/div>\t\t<\/div>\n\t\t\t\t<\/div>\n\t\t\t\t\t<\/div>\n\t\t<\/div>\n\t\t\t\t\t<\/div>\n\t\t<\/section>\n\t\t\t\t<\/div>\n\t\t<\/div><div class=\"jet-listing-grid__item jet-listing-dynamic-post-11481\" data-post-id=\"11481\" >\t\t<div data-elementor-type=\"jet-listing-items\" data-elementor-id=\"11079\" class=\"elementor elementor-11079 elementor-7458\" data-elementor-post-type=\"jet-engine\">\n\t\t\t\t\t\t<section class=\"elementor-section elementor-top-section elementor-element elementor-element-26568d3 elementor-section-boxed elementor-section-height-default elementor-section-height-default\" data-id=\"26568d3\" data-element_type=\"section\">\n\t\t\t\t\t\t<div class=\"elementor-container elementor-column-gap-no\">\n\t\t\t\t\t<div class=\"elementor-column elementor-col-100 elementor-top-column elementor-element elementor-element-24a29ab\" data-id=\"24a29ab\" data-element_type=\"column\">\n\t\t\t<div class=\"elementor-widget-wrap elementor-element-populated\">\n\t\t\t\t\t\t<div class=\"elementor-element elementor-element-8c9f0f1 elementor-widget elementor-widget-jet-listing-dynamic-image\" data-id=\"8c9f0f1\" data-element_type=\"widget\" data-widget_type=\"jet-listing-dynamic-image.default\">\n\t\t\t\t<div class=\"elementor-widget-container\">\n\t\t\t<div class=\"jet-listing jet-listing-dynamic-image\"><a href=\"https:\/\/rehateam.cc\/it\/patologia\/interventi-funzionali-nelleta-evolutiva-e-adolescenziale\/\" class=\"jet-listing-dynamic-image__link\"><img decoding=\"async\" width=\"690\" height=\"460\" src=\"https:\/\/rehateam.cc\/wp-content\/uploads\/REHAteam-Intervention-bei-Kindern-und-Jugendlichen-Psychotherapie-Brixen-Suedtirol.jpg\" class=\"jet-listing-dynamic-image__img attachment-full size-full\" alt=\"REHAteam - Interventi funzionali nell&#039;et\u00e0 evolutiva e adolescenziale - Psicoterapia - Bressanone, Alto Adige\" loading=\"eager\" \/><\/a><\/div>\t\t<\/div>\n\t\t\t\t<\/div>\n\t\t\t\t\t<\/div>\n\t\t<\/div>\n\t\t\t\t\t<\/div>\n\t\t<\/section>\n\t\t\t\t<section class=\"elementor-section elementor-top-section elementor-element elementor-element-ba3ab09 elementor-section-boxed elementor-section-height-default elementor-section-height-default\" data-id=\"ba3ab09\" data-element_type=\"section\" data-settings=\"{&quot;background_background&quot;:&quot;classic&quot;}\">\n\t\t\t\t\t\t<div class=\"elementor-container elementor-column-gap-wider\">\n\t\t\t\t\t<div class=\"elementor-column elementor-col-100 elementor-top-column elementor-element elementor-element-2c0dedd\" data-id=\"2c0dedd\" data-element_type=\"column\">\n\t\t\t<div class=\"elementor-widget-wrap elementor-element-populated\">\n\t\t\t\t\t\t<div class=\"elementor-element elementor-element-f1f02d8 elementor-widget elementor-widget-jet-listing-dynamic-field\" data-id=\"f1f02d8\" data-element_type=\"widget\" data-widget_type=\"jet-listing-dynamic-field.default\">\n\t\t\t\t<div class=\"elementor-widget-container\">\n\t\t\t<div class=\"jet-listing jet-listing-dynamic-field display-inline\"><div class=\"jet-listing-dynamic-field__inline-wrap\"><div class=\"jet-listing-dynamic-field__content\">Interventi funzionali nell'et\u00e0 evolutiva e adolescenziale<\/div><\/div><\/div>\t\t<\/div>\n\t\t\t\t<\/div>\n\t\t\t\t<div class=\"elementor-element elementor-element-dbc770e elementor-widget elementor-widget-spacer\" data-id=\"dbc770e\" data-element_type=\"widget\" data-widget_type=\"spacer.default\">\n\t\t\t\t<div class=\"elementor-widget-container\">\n\t\t\t\t\t<div class=\"elementor-spacer\">\n\t\t\t<div class=\"elementor-spacer-inner\"><\/div>\n\t\t<\/div>\n\t\t\t\t<\/div>\n\t\t\t\t<\/div>\n\t\t\t\t<div class=\"elementor-element elementor-element-1ef5afd elementor-hidden-phone elementor-widget elementor-widget-jet-listing-dynamic-field\" data-id=\"1ef5afd\" data-element_type=\"widget\" data-widget_type=\"jet-listing-dynamic-field.default\">\n\t\t\t\t<div class=\"elementor-widget-container\">\n\t\t\t<div class=\"jet-listing jet-listing-dynamic-field display-inline\"><div class=\"jet-listing-dynamic-field__inline-wrap\"><div class=\"jet-listing-dynamic-field__content\"><p>Bambini e adolescenti molto spesso hanno difficolt\u00e0 a esprimersi con parole. Il corpo fornisce un approccio diretto alle sensazioni.<\/p>\n<\/div><\/div><\/div>\t\t<\/div>\n\t\t\t\t<\/div>\n\t\t\t\t<div class=\"elementor-element elementor-element-9d4fa4b elementor-widget elementor-widget-jet-listing-dynamic-link\" data-id=\"9d4fa4b\" data-element_type=\"widget\" data-widget_type=\"jet-listing-dynamic-link.default\">\n\t\t\t\t<div class=\"elementor-widget-container\">\n\t\t\t<div class=\"jet-listing jet-listing-dynamic-link\"><a href=\"https:\/\/rehateam.cc\/it\/patologia\/interventi-funzionali-nelleta-evolutiva-e-adolescenziale\/\" class=\"jet-listing-dynamic-link__link\"><span class=\"jet-listing-dynamic-link__label\">maggiori informazioni<\/span><\/a><\/div>\t\t<\/div>\n\t\t\t\t<\/div>\n\t\t\t\t\t<\/div>\n\t\t<\/div>\n\t\t\t\t\t<\/div>\n\t\t<\/section>\n\t\t\t\t<\/div>\n\t\t<\/div><div class=\"jet-listing-grid__item jet-listing-dynamic-post-11483\" data-post-id=\"11483\" >\t\t<div data-elementor-type=\"jet-listing-items\" data-elementor-id=\"11079\" class=\"elementor elementor-11079 elementor-7458\" data-elementor-post-type=\"jet-engine\">\n\t\t\t\t\t\t<section class=\"elementor-section elementor-top-section elementor-element elementor-element-26568d3 elementor-section-boxed elementor-section-height-default elementor-section-height-default\" data-id=\"26568d3\" data-element_type=\"section\">\n\t\t\t\t\t\t<div class=\"elementor-container elementor-column-gap-no\">\n\t\t\t\t\t<div class=\"elementor-column elementor-col-100 elementor-top-column elementor-element elementor-element-24a29ab\" data-id=\"24a29ab\" data-element_type=\"column\">\n\t\t\t<div class=\"elementor-widget-wrap elementor-element-populated\">\n\t\t\t\t\t\t<div class=\"elementor-element elementor-element-8c9f0f1 elementor-widget elementor-widget-jet-listing-dynamic-image\" data-id=\"8c9f0f1\" data-element_type=\"widget\" data-widget_type=\"jet-listing-dynamic-image.default\">\n\t\t\t\t<div class=\"elementor-widget-container\">\n\t\t\t<div class=\"jet-listing jet-listing-dynamic-image\"><a href=\"https:\/\/rehateam.cc\/it\/patologia\/accompagnamento-in-gravidanza-e-postparto\/\" class=\"jet-listing-dynamic-image__link\"><img decoding=\"async\" width=\"690\" height=\"460\" src=\"https:\/\/rehateam.cc\/wp-content\/uploads\/REHAteam-Begleitung-waehrend-und-nach-der-Schwangerschaft-Psychotherapie-Brixen-Suedtirol.jpg\" class=\"jet-listing-dynamic-image__img attachment-full size-full\" alt=\"REHAteam - Accompagnamento in gravidanza e postparto - Psicoterapia - Bressanone, Alto Adige\" loading=\"eager\" \/><\/a><\/div>\t\t<\/div>\n\t\t\t\t<\/div>\n\t\t\t\t\t<\/div>\n\t\t<\/div>\n\t\t\t\t\t<\/div>\n\t\t<\/section>\n\t\t\t\t<section class=\"elementor-section elementor-top-section elementor-element elementor-element-ba3ab09 elementor-section-boxed elementor-section-height-default elementor-section-height-default\" data-id=\"ba3ab09\" data-element_type=\"section\" data-settings=\"{&quot;background_background&quot;:&quot;classic&quot;}\">\n\t\t\t\t\t\t<div class=\"elementor-container elementor-column-gap-wider\">\n\t\t\t\t\t<div class=\"elementor-column elementor-col-100 elementor-top-column elementor-element elementor-element-2c0dedd\" data-id=\"2c0dedd\" data-element_type=\"column\">\n\t\t\t<div class=\"elementor-widget-wrap elementor-element-populated\">\n\t\t\t\t\t\t<div class=\"elementor-element elementor-element-f1f02d8 elementor-widget elementor-widget-jet-listing-dynamic-field\" data-id=\"f1f02d8\" data-element_type=\"widget\" data-widget_type=\"jet-listing-dynamic-field.default\">\n\t\t\t\t<div class=\"elementor-widget-container\">\n\t\t\t<div class=\"jet-listing jet-listing-dynamic-field display-inline\"><div class=\"jet-listing-dynamic-field__inline-wrap\"><div class=\"jet-listing-dynamic-field__content\">Accompagnamento in gravidanza e postparto<\/div><\/div><\/div>\t\t<\/div>\n\t\t\t\t<\/div>\n\t\t\t\t<div class=\"elementor-element elementor-element-dbc770e elementor-widget elementor-widget-spacer\" data-id=\"dbc770e\" data-element_type=\"widget\" data-widget_type=\"spacer.default\">\n\t\t\t\t<div class=\"elementor-widget-container\">\n\t\t\t\t\t<div class=\"elementor-spacer\">\n\t\t\t<div class=\"elementor-spacer-inner\"><\/div>\n\t\t<\/div>\n\t\t\t\t<\/div>\n\t\t\t\t<\/div>\n\t\t\t\t<div class=\"elementor-element elementor-element-1ef5afd elementor-hidden-phone elementor-widget elementor-widget-jet-listing-dynamic-field\" data-id=\"1ef5afd\" data-element_type=\"widget\" data-widget_type=\"jet-listing-dynamic-field.default\">\n\t\t\t\t<div class=\"elementor-widget-container\">\n\t\t\t<div class=\"jet-listing jet-listing-dynamic-field display-inline\"><div class=\"jet-listing-dynamic-field__inline-wrap\"><div class=\"jet-listing-dynamic-field__content\"><p>Un accompagnamento funzionale in questa fase importante offre un\u2019opportunit\u00e0 di vivere pienamente questo enorme cambiamento che coinvolge il sistema fisiologico (il sistema ormonale, il sistema circolatorio, l'apparato respiratorio) e le sensazioni.<\/p>\n<\/div><\/div><\/div>\t\t<\/div>\n\t\t\t\t<\/div>\n\t\t\t\t<div class=\"elementor-element elementor-element-9d4fa4b elementor-widget elementor-widget-jet-listing-dynamic-link\" data-id=\"9d4fa4b\" data-element_type=\"widget\" data-widget_type=\"jet-listing-dynamic-link.default\">\n\t\t\t\t<div class=\"elementor-widget-container\">\n\t\t\t<div class=\"jet-listing jet-listing-dynamic-link\"><a href=\"https:\/\/rehateam.cc\/it\/patologia\/accompagnamento-in-gravidanza-e-postparto\/\" class=\"jet-listing-dynamic-link__link\"><span class=\"jet-listing-dynamic-link__label\">maggiori informazioni<\/span><\/a><\/div>\t\t<\/div>\n\t\t\t\t<\/div>\n\t\t\t\t\t<\/div>\n\t\t<\/div>\n\t\t\t\t\t<\/div>\n\t\t<\/section>\n\t\t\t\t<\/div>\n\t\t<\/div><\/div><\/div>\t\t<\/div>\n\t\t\t\t<\/div>\n\t\t\t\t\t<\/div>\n\t\t<\/div>\n\t\t\t\t\t<\/div>\n\t\t<\/section>\n\t\t\t\t<\/div>\n\t\t","protected":false},"excerpt":{"rendered":"<p>Patologie Psicoterapia Sostegno psicoterapeutico funzionale Nella terapia si pu\u00f2 ritrovare un&#8217;occasione nella quale il paziente pu\u00f2 finalmente interrompere i suoi corto circuiti. L&#8217;obiettivo della terapia \u00e8 di riaprire le esperienze fondamentali del s\u00e9 per raggiungere degli esiti \u201cnuovi\u201d, differenti da quelli che si erano cristallizzati nella vita del paziente, aumentando la qualit\u00e0 della propria vita [&hellip;]<\/p>\n","protected":false},"author":5,"featured_media":0,"parent":10194,"menu_order":6,"comment_status":"closed","ping_status":"closed","template":"","meta":{"footnotes":""},"_links":{"self":[{"href":"https:\/\/rehateam.cc\/it\/wp-json\/wp\/v2\/pages\/10197"}],"collection":[{"href":"https:\/\/rehateam.cc\/it\/wp-json\/wp\/v2\/pages"}],"about":[{"href":"https:\/\/rehateam.cc\/it\/wp-json\/wp\/v2\/types\/page"}],"author":[{"embeddable":true,"href":"https:\/\/rehateam.cc\/it\/wp-json\/wp\/v2\/users\/5"}],"replies":[{"embeddable":true,"href":"https:\/\/rehateam.cc\/it\/wp-json\/wp\/v2\/comments?post=10197"}],"version-history":[{"count":0,"href":"https:\/\/rehateam.cc\/it\/wp-json\/wp\/v2\/pages\/10197\/revisions"}],"up":[{"embeddable":true,"href":"https:\/\/rehateam.cc\/it\/wp-json\/wp\/v2\/pages\/10194"}],"wp:attachment":[{"href":"https:\/\/rehateam.cc\/it\/wp-json\/wp\/v2\/media?parent=10197"}],"curies":[{"name":"wp","href":"https:\/\/api.w.org\/{rel}","templated":true}]}}